{"id":937,"date":"2019-03-25T19:05:08","date_gmt":"2019-03-25T19:05:08","guid":{"rendered":"http:\/\/www.mentoriatutoria.pt\/?page_id=937"},"modified":"2022-03-29T15:45:37","modified_gmt":"2022-03-29T15:45:37","slug":"carta-de-mentoria-tutoria-interpares-principios-orientadores-para-a-integracao-e-vivencia-solidarias-no-ensino-superior","status":"publish","type":"page","link":"http:\/\/www.mentoriatutoria.pt\/?page_id=937","title":{"rendered":"Carta de Mentoria | Tutoria Interpares"},"content":{"rendered":"\n<p>A <a rel=\"noreferrer noopener\" aria-label=\"Carta de Mentoria | Tutoria Interpares - Princ\u00edpios Orientadores para a Integra\u00e7\u00e3o e Viv\u00eancia Solid\u00e1rias no Ensino Superior (abre num novo separador)\" href=\"http:\/\/www.mentoriatutoria.pt\/wp-content\/uploads\/2019\/03\/CARTA-de-PRINC\u00cdPIOS_MENTORIA.pdf\" target=\"_blank\">Carta de Mentoria | Tutoria Interpares &#8211; Princ\u00edpios Orientadores para a Integra\u00e7\u00e3o e Viv\u00eancia Solid\u00e1rias no Ensino Superior<\/a><strong> <\/strong>estabelece um conjunto de princ\u00edpios,  apresentados e debatidos no decurso do <a rel=\"noreferrer noopener\" aria-label=\"I Semin\u00e1rio Internacional de Mentoria (abre num novo separador)\" href=\"https:\/\/sigarra.up.pt\/fpceup\/pt\/noticias_geral.ver_noticia?p_nr=38677\" target=\"_blank\">I Semin\u00e1rio Internacional de Mentoria<\/a>, e reconhecidos como referentes comuns essenciais a assumir pelas institui\u00e7\u00f5es do Ensino Superior, relativamente \u00e0s din\u00e2micas interpares e solid\u00e1rias de integra\u00e7\u00e3o e viv\u00eancia acad\u00e9micas. <\/p>\n\n\n\n<p><\/p>\n\n\n\n<p><\/p>\n\n\n\n<p><\/p>\n\n\n\n<p><\/p>\n\n\n\n<h1 class=\"entry-title\" itemprop=\"headline\"> Subscrever a carta <\/h1>\n\n\n\n<p><\/p>\n\n\n\n<p>Todas as Institui\u00e7\u00f5es de Ensino Superior s\u00e3o convidadas a subscrever a  Carta de Mentoria | Tutoria Interpares, mesmo que n\u00e3o disponham de  programas \/dispositivos de mentoria\/tutoria interpares em funcionamento. <\/p>\n\n\n\n<p>As institui\u00e7\u00f5es interessadas em subscrever a Carta de Mentoria | Tutoria  Interpares, devem enviar a sua manifesta\u00e7\u00e3o de interesse, preenchendo o  formul\u00e1rio criado para o efeito ou contactando diretamente a Rede:  <a href=\"mailto:redeportuguesa@mentoriatutoria.pt\">redeportuguesa@mentoriatutoria.pt<\/a> <\/p>\n\n\n\n\n<div class=\"wpcf7 no-js\" id=\"wpcf7-f2052-o1\" lang=\"pt-PT\" dir=\"ltr\" data-wpcf7-id=\"2052\">\n<div class=\"screen-reader-response\"><p role=\"status\" aria-live=\"polite\" aria-atomic=\"true\"><\/p> <ul><\/ul><\/div>\n<form action=\"\/index.php?rest_route=%2Fwp%2Fv2%2Fpages%2F937#wpcf7-f2052-o1\" method=\"post\" class=\"wpcf7-form init\" aria-label=\"Formul\u00e1rio de contacto\" novalidate=\"novalidate\" data-status=\"init\">\n<fieldset class=\"hidden-fields-container\"><input type=\"hidden\" name=\"_wpcf7\" value=\"2052\" \/><input type=\"hidden\" name=\"_wpcf7_version\" value=\"6.1.4\" \/><input type=\"hidden\" name=\"_wpcf7_locale\" value=\"pt_PT\" \/><input type=\"hidden\" name=\"_wpcf7_unit_tag\" value=\"wpcf7-f2052-o1\" \/><input type=\"hidden\" name=\"_wpcf7_container_post\" value=\"0\" \/><input type=\"hidden\" name=\"_wpcf7_posted_data_hash\" value=\"\" \/>\n<\/fieldset>\n<p><label> Institui\u00e7\u00e3o (obrigat\u00f3rio)<br \/>\n<span class=\"wpcf7-form-control-wrap\" data-name=\"your-name\"><input size=\"40\" maxlength=\"400\" class=\"wpcf7-form-control wpcf7-text wpcf7-validates-as-required\" aria-required=\"true\" aria-invalid=\"false\" value=\"\" type=\"text\" name=\"your-name\" \/><\/span> <\/label>\n<\/p>\n<p><label> Fundamenta\u00e7\u00e3o para a subscri\u00e7\u00e3o da Carta (obrigat\u00f3rio)<br \/>\n<span class=\"wpcf7-form-control-wrap\" data-name=\"your-text\"><input size=\"40\" maxlength=\"400\" class=\"wpcf7-form-control wpcf7-text wpcf7-validates-as-required\" aria-required=\"true\" aria-invalid=\"false\" value=\"\" type=\"text\" name=\"your-text\" \/><\/span> <\/label>\n<\/p>\n<p><label> E-mail<br \/>\n<span class=\"wpcf7-form-control-wrap\" data-name=\"your-email\"><input size=\"40\" maxlength=\"400\" class=\"wpcf7-form-control wpcf7-email wpcf7-validates-as-required wpcf7-text wpcf7-validates-as-email\" aria-required=\"true\" aria-invalid=\"false\" value=\"\" type=\"email\" name=\"your-email\" \/><\/span> <\/label>\n<\/p>\n<p><label> Telefone<br \/>\n<span class=\"wpcf7-form-control-wrap\" data-name=\"your-number\"><input size=\"40\" maxlength=\"400\" class=\"wpcf7-form-control wpcf7-text wpcf7-validates-as-required\" aria-required=\"true\" aria-invalid=\"false\" value=\"\" type=\"text\" name=\"your-number\" \/><\/span> <\/label>\n<\/p>\n<p><input class=\"wpcf7-form-control wpcf7-submit has-spinner\" type=\"submit\" value=\"Enviar\" \/>\n<\/p><div class=\"wpcf7-response-output\" aria-hidden=\"true\"><\/div>\n<\/form>\n<\/div>\n\n\n\n\n<p><\/p>\n","protected":false},"excerpt":{"rendered":"<p>A Carta de Mentoria | Tutoria Interpares &#8211; Princ\u00edpios Orientadores para a Integra\u00e7\u00e3o e Viv\u00eancia Solid\u00e1rias no Ensino Superior estabelece um conjunto de princ\u00edpios, apresentados e debatidos no decurso do I Semin\u00e1rio Internacional de Mentoria, e reconhecidos como referentes comuns essenciais a assumir pelas institui\u00e7\u00f5es do Ensino Superior, relativamente \u00e0s din\u00e2micas interpares e solid\u00e1rias de&hellip;&nbsp;<a href=\"http:\/\/www.mentoriatutoria.pt\/?page_id=937\" rel=\"bookmark\">Ler mais &raquo;<span class=\"screen-reader-text\">Carta de Mentoria | Tutoria Interpares<\/span><\/a><\/p>\n","protected":false},"author":7,"featured_media":0,"parent":0,"menu_order":0,"comment_status":"closed","ping_status":"closed","template":"","meta":{"neve_meta_sidebar":"","neve_meta_container":"","neve_meta_enable_content_width":"","neve_meta_content_width":0,"neve_meta_title_alignment":"","neve_meta_author_avatar":"","neve_post_elements_order":"","neve_meta_disable_header":"","neve_meta_disable_footer":"","neve_meta_disable_title":"","_themeisle_gutenberg_block_has_review":false,"footnotes":""},"class_list":["post-937","page","type-page","status-publish","hentry"],"_links":{"self":[{"href":"http:\/\/www.mentoriatutoria.pt\/index.php?rest_route=\/wp\/v2\/pages\/937","targetHints":{"allow":["GET"]}}],"collection":[{"href":"http:\/\/www.mentoriatutoria.pt\/index.php?rest_route=\/wp\/v2\/pages"}],"about":[{"href":"http:\/\/www.mentoriatutoria.pt\/index.php?rest_route=\/wp\/v2\/types\/page"}],"author":[{"embeddable":true,"href":"http:\/\/www.mentoriatutoria.pt\/index.php?rest_route=\/wp\/v2\/users\/7"}],"replies":[{"embeddable":true,"href":"http:\/\/www.mentoriatutoria.pt\/index.php?rest_route=%2Fwp%2Fv2%2Fcomments&post=937"}],"version-history":[{"count":33,"href":"http:\/\/www.mentoriatutoria.pt\/index.php?rest_route=\/wp\/v2\/pages\/937\/revisions"}],"predecessor-version":[{"id":2785,"href":"http:\/\/www.mentoriatutoria.pt\/index.php?rest_route=\/wp\/v2\/pages\/937\/revisions\/2785"}],"wp:attachment":[{"href":"http:\/\/www.mentoriatutoria.pt\/index.php?rest_route=%2Fwp%2Fv2%2Fmedia&parent=937"}],"curies":[{"name":"wp","href":"https:\/\/api.w.org\/{rel}","templated":true}]}}